{"id":32,"date":"2023-06-14T13:49:32","date_gmt":"2023-06-14T11:49:32","guid":{"rendered":"https:\/\/kodevill.hu\/?page_id=32"},"modified":"2023-11-24T14:03:20","modified_gmt":"2023-11-24T13:03:20","slug":"rolunk","status":"publish","type":"page","link":"https:\/\/kodevill.hu\/index.php\/rolunk\/","title":{"rendered":"R\u00d3LAM"},"content":{"rendered":"<h2><span style=\"color: #000000;\">26 \u00e9v elm\u00e9leti, gyakorlati szakmai tapasztalat!!<\/span><\/h2>\n<p><span style=\"color: #000000;\">1997 \u00f3ta foglalkozom villamos, illetve informatikai h\u00e1l\u00f3zatok tervez\u00e9s\u00e9vel, kivitelez\u00e9s\u00e9vel, karbantart\u00e1s\u00e1val, fel\u00fclvizsg\u00e1lat\u00e1val, min\u0151s\u00edt\u00e9s\u00e9vel, 2010 \u00e9v \u00f3ta Igazs\u00e1g\u00fcgyi szak\u00e9rt\u0151i tev\u00e9kenys\u00e9ggel. Els\u0151sorban Baranya, Tolna, Somogy, B\u00e1cs-Kiskun, Zala megye, illetve Budapest ter\u00fclet\u00e9n. 2022 \u00e9v \u00f3ta Szakmai \u00e9s k\u00e9pes\u00edt\u0151 vizsg\u00e1k vizsgabizotts\u00e1gi tagja vagyok.<\/span><\/p>\n<h4><span style=\"color: #000000;\">Tev\u00e9kenys\u00e9geim:<\/span><\/h4>\n<h5><span style=\"color: #000000;\"><u>Villamos szakter\u00fcleten:<\/u><\/span><\/h5>\n<ul>\n<li><span style=\"color: #000000;\"><strong>T\u00e1rsash\u00e1zak, csal\u00e1di h\u00e1zak, mell\u00e9k- \u00e9s gazdas\u00e1gi \u00e9p\u00fcletek, ipari l\u00e9tes\u00edtm\u00e9nyek, sz\u00e1llod\u00e1k komplett villamos kivitelez\u00e9se.<\/strong><\/span><\/li>\n<li><span style=\"color: #000000;\"><strong>Villamos biztons\u00e1gi fel\u00fclvizsg\u00e1lat.<\/strong><\/span><\/li>\n<li><span style=\"color: #000000;\"><strong>Vill\u00e1mv\u00e9delmi rendszerek fel\u00fclvizsg\u00e1lata.<\/strong><\/span><\/li>\n<li><span style=\"color: #000000;\"><strong>Villamos k\u00e9ziszersz\u00e1mok id\u0151szakos \u00e9rint\u00e9sv\u00e9delmi fel\u00fclvizsg\u00e1lata.<\/strong><\/span><\/li>\n<li><span style=\"color: #000000;\"><strong>Hegeszt\u0151 berendez\u00e9sek id\u0151szakos \u00e9rint\u00e9sv\u00e9delmi fel\u00fclvizsg\u00e1lata.<\/strong><\/span><\/li>\n<li><span style=\"color: #000000;\"><strong>Felvonul\u00e1si berendez\u00e9sek\u00a0 fel\u00fclvizsg\u00e1lata.<\/strong><\/span><\/li>\n<li><span style=\"color: #000000;\"><strong>\u00c1ram-v\u00e9d\u0151kapcsol\u00f3k (FI rel\u00e9, \u00c1VK) m\u0171szeres vizsg\u00e1lata.<\/strong><\/span><\/li>\n<li><span style=\"color: #000000;\"><strong>G\u00e1zvezet\u00e9kek EPH h\u00e1l\u00f3zatra csatlakoztat\u00e1s\u00e1nak vizsg\u00e1lata.<\/strong><\/span><\/li>\n<li><span style=\"color: #000000;\"><strong>G\u00e1zk\u00e9sz\u00fcl\u00e9kek EPH csatlakoz\u00e1s\u00e1nak vizsg\u00e1lata.<\/strong><\/span><\/li>\n<li><span style=\"color: #000000;\"><strong>T\u0171zv\u00e9delmi fel\u00fclvizsg\u00e1lat.<\/strong><\/span><\/li>\n<li><span style=\"color: #000000;\"><strong>Napelemes rendszerek villamos biztons\u00e1gi fel\u00fclvizsg\u00e1lata.<\/strong><\/span><\/li>\n<\/ul>\n<p><span style=\"color: #000000;\">T\u00f6bb mint 20 \u00e9ve v\u00e9gzek jogszab\u00e1lyokban \u00e9s rendeletekben el\u0151\u00edrt, teljes k\u00f6r\u0171 villamos biztons\u00e1gi \u00e9s komplex vill\u00e1mv\u00e9delmi fel\u00fclvizsg\u00e1latokat.<\/span><\/p>\n<p><span style=\"color: #000000;\">Baranya, Tolna, Somogy, B\u00e1cs-Kiskun, Zala v\u00e1rmegye, illetve Budapest ter\u00fclet\u00e9n, de ak\u00e1r Magyarorsz\u00e1g teljes ter\u00fclet\u00e9n\u00a0v\u00e1llalom \u00e9p\u00fcletek, l\u00e9tes\u00edtm\u00e9nyek \u00e1tad\u00e1s el\u0151tti, vagy id\u0151szakos villamos biztons\u00e1gi \u00e9s komplex vill\u00e1mv\u00e9delmi fel\u00fclvizsg\u00e1lat\u00e1t.<\/span><\/p>\n<ul>\n<li><span style=\"color: #000000;\"><strong>S\u00fct\u0151, f\u0151z\u0151lapok bek\u00f6t\u00e9se, be\u00fczemel\u00e9se (Villamos biztons\u00e1gi fel\u00fclvizsg\u00e1lat).<\/strong><\/span><\/li>\n<li><span style=\"color: #000000;\"><strong>Ipari berendez\u00e9sek bek\u00f6t\u00e9se, be\u00fczemel\u00e9se (Villamos biztons\u00e1gi fel\u00fclvizsg\u00e1lat).<\/strong><\/span><\/li>\n<li><span style=\"color: #000000;\"><strong>Ipari berendez\u00e9sekben elektromos modul, k\u00e1bel k\u00f6teg cser\u00e9je.<\/strong><\/span><\/li>\n<li><span style=\"color: #000000;\"><strong>\u00c1ram-v\u00e9d\u0151kapcsol\u00f3 (FI rel\u00e9, \u00c1VK) bek\u00f6t\u00e9s.<\/strong><\/span><\/li>\n<li><span style=\"color: #000000;\"><strong>Biztos\u00edt\u00e9kt\u00e1bla csere.<\/strong><\/span><\/li>\n<li><span style=\"color: #000000;\"><strong>EPH Egyenpotenci\u00e1l\u00fa h\u00e1l\u00f3zat ki\u00e9p\u00edt\u00e9se.<\/strong><\/span><\/li>\n<li><span style=\"color: #000000;\"><strong>\u00daJ fogyaszt\u00e1sm\u00e9r\u0151 hely l\u00e9tes\u00edt\u00e9s.<\/strong><\/span><\/li>\n<li><span style=\"color: #000000;\"><strong>Megl\u00e9v\u0151 fogyaszt\u00e1sm\u00e9r\u0151 hely szabv\u00e1nyos\u00edt\u00e1s.<\/strong><\/span><\/li>\n<li><strong><span style=\"color: #000000;\">T\u0171zv\u00e9delmi kapcsol\u00f3 ki\u00e9p\u00edt\u00e9se.<\/span><\/strong><\/li>\n<\/ul>\n<p><span style=\"color: #000000;\">Els\u0151dleges c\u00e9lom, hogy \u00fcgyfeleim r\u00e9sz\u00e9re korszer\u0171 a vonatkoz\u00f3 rendeleteknek, jogszab\u00e1lyoknak \u00e9s szabv\u00e1nyoknak megfelel\u0151 szak\u00e9rt\u0151i szolg\u00e1ltat\u00e1st ny\u00fajtsak.<\/span><\/p>\n<h5><span style=\"color: #000000;\"><u>G\u00e9p\u00e9sz szakter\u00fcleten:<\/u><\/span><\/h5>\n<ul>\n<li><span style=\"color: #000000;\"><strong>Ipari berendez\u00e9sekben fogaskerekek (hengeres, k\u00fapos, hiperbolikus), l\u00e1nckerekek, sz\u00edjt\u00e1rcs\u00e1k, fogasl\u00e9cek, csavarors\u00f3k, tengelyek, csap\u00e1gyak (sikl\u00f3csap\u00e1gy, g\u00f6rd\u00fcl\u0151csap\u00e1gy), g\u00f6rg\u0151k, rug\u00f3k, gumics\u00f6vek, t\u00f6m\u00edt\u00e9sek, szimeringek, egy\u00e9b kop\u00f3 alkatr\u00e9szek cser\u00e9je.<\/strong><\/span><\/li>\n<\/ul>\n<h5><span style=\"color: #000000;\"><u>Ipari konyhai ter\u00fcleten:<\/u><\/span><\/h5>\n<ul>\n<li><span style=\"color: #000000;\"><strong>Ipari konyhai berendez\u00e9sek bek\u00f6t\u00e9se, be\u00fczemel\u00e9se.<\/strong><\/span><\/li>\n<li><span style=\"color: #000000;\"><strong>Ipari konyhai berendez\u00e9sek jav\u00edt\u00e1sa, karbantart\u00e1sa.<\/strong><\/span><\/li>\n<li><span style=\"color: #000000;\"><strong>Ipari konyhai berendez\u00e9sek sz\u00e1m\u00e1ra karbantart\u00e1si terv kidolgoz\u00e1sa.<\/strong><\/span><\/li>\n<li><span style=\"color: #000000;\"><strong>Ipari konyhai berendez\u00e9sekben elektromos modul, k\u00e1bel k\u00f6teg cser\u00e9je.<\/strong><\/span><\/li>\n<li><span style=\"color: #000000;\"><strong>Ipari konyhai berendez\u00e9sekben elektromos modul jav\u00edt\u00e1s sz\u00fcks\u00e9g eset\u00e9n forraszt\u00e1s.<\/strong><\/span><\/li>\n<li><span style=\"color: #000000;\"><strong>Ipari konyhai berendez\u00e9sekben fogaskerekek, csap\u00e1gyak, g\u00f6rg\u0151k, gumics\u00f6vek, t\u00f6m\u00edt\u00e9sek, szimeringek, egy\u00e9b kop\u00f3 alkatr\u00e9szek cser\u00e9je.<\/strong><strong style=\"font-size: revert;\">\u00a0<\/strong><\/span><\/li>\n<\/ul>\n<ul>\n<li><span style=\"color: #000000;\"><strong>Komplett ipari konyh\u00e1k berendez\u00e9se:<\/strong><\/span>\n<ul>\n<li><span style=\"color: #000000;\"><strong>Elsz\u00edv\u00f3erny\u0151k\u00a0felszerel\u00e9se (EPH bek\u00f6t\u00e9se).<\/strong><\/span><\/li>\n<li><span style=\"color: #000000;\"><strong>Rozsdamentes asztalok, pultok, polcok, \u00e1llv\u00e1nyok, zs\u00e1molyok \u00f6sszeszerel\u00e9se (EPH bek\u00f6t\u00e9se). <\/strong><\/span><\/li>\n<li><span style=\"color: #000000;\"><strong>Rozsdamentes sz\u00e1ll\u00edt\u00f3kocsik, \u00f6nkiszolg\u00e1l\u00f3 pultok, melegentart\u00f3k, melegentart\u00f3 vitrinek \u00f6sszeszerel\u00e9se (EPH bek\u00f6t\u00e9se).<\/strong><\/span><\/li>\n<li><span style=\"color: #000000;\"><strong>Rozsdamentes falipolcok, faliszekr\u00e9nyek falon t\u00f6rt\u00e9n\u0151 r\u00f6gz\u00edt\u00e9se (EPH bek\u00f6t\u00e9se).<\/strong><\/span><\/li>\n<li><span style=\"color: #000000;\"><strong>Rovarcsapd\u00e1k felszerel\u00e9se.<\/strong><\/span><\/li>\n<\/ul>\n<\/li>\n<\/ul>\n<p><span style=\"color: #000000;\"><strong>(H\u00e1ztart\u00e1si konyhai berendez\u00e9sek jav\u00edt\u00e1s\u00e1t, karbantart\u00e1s\u00e1t NEM v\u00e1llalom!)<\/strong><\/span><\/p>\n<h5><span style=\"color: #000000;\"><u>Informatikai szakter\u00fcketen:<\/u><\/span><\/h5>\n<ul>\n<li><span style=\"color: #000000;\"><strong>Hagyom\u00e1nyos t\u00e1vk\u00f6zl\u00e9si h\u00e1l\u00f3zatok ki\u00e9p\u00edt\u00e9se, b\u0151v\u00edt\u00e9se, karbantart\u00e1sa.<\/strong><\/span><\/li>\n<li><span style=\"color: #000000;\"><strong>Gyenge\u00e1ram\u00fa h\u00e1l\u00f3zatok ki\u00e9p\u00edt\u00e9se, b\u0151v\u00edt\u00e9se, karbantart\u00e1sa \u00a0(struktur\u00e1lt h\u00e1l\u00f3zatok akt\u00edv \u00e9s passz\u00edv eszk\u00f6z\u00f6kkel).<\/strong><\/span><\/li>\n<li><span style=\"color: #000000;\"><strong>H\u00e1l\u00f3zati eszk\u00f6z\u00f6k telep\u00edt\u00e9se, karbantart\u00e1sa.<\/strong><\/span><\/li>\n<li><span style=\"color: #000000;\"><strong>Kamerarendszerek ki\u00e9p\u00edt\u00e9se k\u00fcl- \u00e9s belt\u00e9ri (Kiz\u00e1r\u00f3lag az \u00e9rv\u00e9nyben l\u00e9v\u0151 jogszab\u00e1lyok betart\u00e1sa mellett!!).<\/strong><\/span><\/li>\n<\/ul>\n<p><span style=\"color: #000000;\">Valamennyi ter\u00fcleten a munkav\u00e9gz\u00e9shez sz\u00fcks\u00e9ges bizony\u00edtv\u00e1nnyal, k\u00e9pes\u00edt\u00e9ssel rendelkezem.<\/span><\/p>\n<p><span style=\"color: #000000;\">Minden munkam\u0171velethez saj\u00e1t eszk\u00f6z- \u00e9s g\u00e9pparkkal rendelkezem.<\/span><\/p>\n<p><span style=\"color: #000000;\">Tev\u00e9kenys\u00e9gem fenn\u00e1ll\u00e1sa \u00f3ta az \u00faj technol\u00f3gi\u00e1k folyamatos \u00e1tv\u00e9tel\u00e9hez, alkalmaz\u00e1s\u00e1hoz rendszeresen szakmai tov\u00e1bbk\u00e9pz\u00e9seken, tanfolyamokon, konferenci\u00e1kon \u00e9s bemutat\u00f3kon veszek r\u00e9szt.<\/span><\/p>\n<p><span style=\"color: #000000;\"><strong>Rugalmasan alkalmazkodom a projektekhez, tartom az \u00fctemez\u00e9seket. Strat\u00e9giai partner\u00e9v\u00e9 szeretn\u00e9nk v\u00e1lni: viszonyunk a k\u00f6z\u00f6s\u00a0\u00e9rdekeken, a k\u00f6lcs\u00f6n\u00f6s bizalmon, korrekt elsz\u00e1mol\u00e1son \u00e9s a j\u00f3\u00a0kommunik\u00e1ci\u00f3n\u00a0 alapul.<\/strong><\/span><\/p>\n<p><span style=\"color: #000000;\">Keressen bizalommal, ha otthon\u00e1ban, \u00fczlet\u00e9ben, konyh\u00e1j\u00e1ban, irod\u00e1j\u00e1ban villanyszerel\u00e9si-, lakatosipari-, karbantart\u00f3 munk\u00e1kra, fejleszt\u00e9sre, b\u0151v\u00edt\u00e9sre vagy hibajav\u00edt\u00e1sra van sz\u00fcks\u00e9ge! A lehet\u0151s\u00e9gekhez m\u00e9rten r\u00f6vid hat\u00e1rid\u0151vel \u00e9s korrekt \u00e1rakon \u00e1llok rendelkez\u00e9s\u00e9re!<\/span><\/p>\n<p><span style=\"color: #000000;\">T\u00f6bb mint 20 \u00e9v alatt fel\u00e9p\u00edtett alkatr\u00e9szb\u00e1zisomnak k\u00f6sz\u00f6nhet\u0151en a jav\u00edt\u00e1sokat r\u00f6vid hat\u00e1rid\u0151vel tudom v\u00e1llalni.<\/span><\/p>\n<h4><span style=\"color: #000000;\">V\u00e9gzetts\u00e9geim:<\/span><\/h4>\n<ul>\n<li><span style=\"color: #000000;\">Villanyszerel\u0151,<\/span><\/li>\n<li><span style=\"color: #000000;\"><strong>Villamosm\u00e9rn\u00f6k<\/strong>,<\/span><\/li>\n<li><span style=\"color: #000000;\">Villamos Biztons\u00e1gi fel\u00fclvizsg\u00e1l\u00f3,<\/span><\/li>\n<li><span style=\"color: #000000;\"><strong>M\u00e9rn\u00f6kinformatikus<\/strong>,<\/span><\/li>\n<li><span style=\"color: #000000;\">G\u00e9pszerel\u0151 \u00e9s karbantart\u00f3,<\/span><\/li>\n<li><span style=\"color: #000000;\">G\u00e9p\u00e9sztechnikus.<\/span><\/li>\n<\/ul>\n<p><span style=\"color: #000000;\">V\u00e9gzetts\u00e9geim r\u00e9v\u00e9n \u00e1tfog\u00f3, teljesk\u00f6r\u0171 szolg\u00e1ltat\u00e1st tudok ny\u00fajtani ipari berendez\u00e9sek jav\u00edt\u00e1sa, karbantart\u00e1sa, fel\u00fclvizsg\u00e1lata sor\u00e1n, legyen sz\u00f3 ak\u00e1r csap\u00e1gy, illetve fogasker\u00e9k cser\u00e9r\u0151l, ak\u00e1r elektromos modul, illetve k\u00e1bel k\u00f6teg jav\u00edt\u00e1sr\u00f3l, cser\u00e9r\u0151l.<\/span><\/p>\n<p><span style=\"color: #000000;\"><strong>Tisztelettel k\u00f6sz\u00f6n\u00f6m, hogy elolvasta.<\/strong><\/span><\/p>\n","protected":false},"excerpt":{"rendered":"<p>26 \u00e9v elm\u00e9leti, gyakorlati szakmai tapasztalat!! 1997 \u00f3ta foglalkozom villamos, illetve informatikai h\u00e1l\u00f3zatok tervez\u00e9s\u00e9vel, kivitelez\u00e9s\u00e9vel, karbantart\u00e1s\u00e1val, fel\u00fclvizsg\u00e1lat\u00e1val, min\u0151s\u00edt\u00e9s\u00e9vel, 2010 \u00e9v \u00f3ta Igazs\u00e1g\u00fcgyi szak\u00e9rt\u0151i tev\u00e9kenys\u00e9ggel. Els\u0151sorban Baranya, Tolna, Somogy, B\u00e1cs-Kiskun, Zala megye, illetve Budapest ter\u00fclet\u00e9n. 2022 \u00e9v \u00f3ta Szakmai \u00e9s k\u00e9pes\u00edt\u0151 vizsg\u00e1k vizsgabizotts\u00e1gi tagja vagyok. Tev\u00e9kenys\u00e9geim: Villamos szakter\u00fcleten: T\u00e1rsash\u00e1zak, csal\u00e1di h\u00e1zak, mell\u00e9k- \u00e9s gazdas\u00e1gi \u00e9p\u00fcletek, ipari &hellip; <\/p>\n","protected":false},"author":1,"featured_media":0,"parent":0,"menu_order":0,"comment_status":"closed","ping_status":"closed","template":"","meta":{"footnotes":""},"_links":{"self":[{"href":"https:\/\/kodevill.hu\/index.php\/wp-json\/wp\/v2\/pages\/32"}],"collection":[{"href":"https:\/\/kodevill.hu\/index.php\/wp-json\/wp\/v2\/pages"}],"about":[{"href":"https:\/\/kodevill.hu\/index.php\/wp-json\/wp\/v2\/types\/page"}],"author":[{"embeddable":true,"href":"https:\/\/kodevill.hu\/index.php\/wp-json\/wp\/v2\/users\/1"}],"replies":[{"embeddable":true,"href":"https:\/\/kodevill.hu\/index.php\/wp-json\/wp\/v2\/comments?post=32"}],"version-history":[{"count":11,"href":"https:\/\/kodevill.hu\/index.php\/wp-json\/wp\/v2\/pages\/32\/revisions"}],"predecessor-version":[{"id":731,"href":"https:\/\/kodevill.hu\/index.php\/wp-json\/wp\/v2\/pages\/32\/revisions\/731"}],"wp:attachment":[{"href":"https:\/\/kodevill.hu\/index.php\/wp-json\/wp\/v2\/media?parent=32"}],"curies":[{"name":"wp","href":"https:\/\/api.w.org\/{rel}","templated":true}]}}